{"id":9,"date":"2025-12-04T14:57:35","date_gmt":"2025-12-04T14:57:35","guid":{"rendered":"https:\/\/cocinandoconrita.com\/?page_id=9"},"modified":"2026-03-09T17:58:26","modified_gmt":"2026-03-09T17:58:26","slug":"inicio","status":"publish","type":"page","link":"https:\/\/cocinandoconrita.com\/en\/","title":{"rendered":"Inicio"},"content":{"rendered":"\n\n  <div class=\"banner has-hover video-mobile-16-9 has-video is-full-height\" id=\"banner-1715154900\">\n          <div class=\"banner-inner fill\">\n        <div class=\"banner-bg fill\" >\n                        \t<div class=\"video-overlay no-click fill visible\"><\/div>\n\t<video class=\"video-bg fill visible\" preload playsinline autoplay muted loop>\n\t\t<source src=\"https:\/\/cocinandoconrita.com\/wp-content\/uploads\/2026\/01\/video-web-V4.mp4\" type=\"video\/mp4\">\t<\/video>\n            <div class=\"overlay\"><\/div>            \n                    <\/div>\n\t\t\n        <div class=\"banner-layers container\">\n            <div class=\"fill banner-link\"><\/div>            \n\n   <div id=\"text-box-713596440\" class=\"text-box banner-layer x50 md-x50 lg-x50 y90 md-y90 lg-y90 res-text\">\n                                <div class=\"text-box-content text dark\">\n              \n              <div class=\"text-inner text-center\">\n                  \n\n\t<div id=\"text-1741437352\" class=\"text\">\n\t\t\n\n<h1 class=\"uppercase\">Bienvenidos<\/h1>\n\t\t\n<style>\n#text-1741437352 {\n  font-size: 0.75rem;\n  text-align: center;\n  color: rgba(255, 255, 255, 0.773);\n}\n#text-1741437352 > * {\n  color: rgba(255, 255, 255, 0.773);\n}\n@media (min-width:550px) {\n  #text-1741437352 {\n    font-size: 1.55rem;\n  }\n}\n@media (min-width:850px) {\n  #text-1741437352 {\n    font-size: 2.3rem;\n  }\n}\n<\/style>\n\t<\/div>\n\t\n\n              <\/div>\n           <\/div>\n                            \n<style>\n#text-box-713596440 {\n  width: 79%;\n}\n#text-box-713596440 .text-box-content {\n  font-size: 100%;\n}\n@media (min-width:550px) {\n  #text-box-713596440 {\n    width: 100%;\n  }\n}\n@media (min-width:850px) {\n  #text-box-713596440 {\n    width: 61%;\n  }\n}\n<\/style>\n    <\/div>\n \n\n        <\/div>\n      <\/div>\n\n            \n<style>\n#banner-1715154900 {\n  padding-top: 56.25%;\n  background-color: rgb(0,0,0);\n}\n#banner-1715154900 .overlay {\n  background-color: rgba(0, 0, 0, 0.25);\n}\n@media (min-width:550px) {\n  #banner-1715154900 {\n    padding-top: 50%;\n  }\n}\n@media (min-width:850px) {\n  #banner-1715154900 {\n    padding-top: 100%;\n  }\n}\n<\/style>\n  <\/div>\n\n\n\n\t<section class=\"section has-parallax\" id=\"section_540149457\">\n\t\t<div class=\"section-bg fill\" data-parallax-container=\".section\" data-parallax-background data-parallax=\"-5\">\n\t\t\t<img loading=\"lazy\" decoding=\"async\" width=\"2208\" height=\"2560\" src=\"https:\/\/cocinandoconrita.com\/wp-content\/uploads\/2025\/12\/bg-heart-1-scaled.png\" class=\"bg attachment-original size-original\" alt=\"\" \/>\t\t\t\t\t\t\n\t\t\t\n\n\t\t<\/div>\n\n\t\t\n\n\t\t<div class=\"section-content relative\">\n\t\t\t\n\n<span class=\"scroll-to\" data-label=\"Scroll to: #sobremi\" data-bullet=\"false\" data-link=\"#sobremi\" data-title=\"Change this\"><a name=\"sobremi\"><\/a><\/span>\n\n<div class=\"row align-center\"  id=\"row-1528716961\">\n\n\n\t<div id=\"col-1131616054\" class=\"col medium-8 small-12 large-8\"  >\n\t\t\t\t<div class=\"col-inner\"  >\n\t\t\t\n\t\t\t\n\n\n  <div class=\"banner has-hover\" id=\"banner-1312251114\">\n          <div class=\"banner-inner fill\">\n        <div class=\"banner-bg fill\" >\n            <img loading=\"lazy\" decoding=\"async\" width=\"2560\" height=\"466\" src=\"https:\/\/cocinandoconrita.com\/wp-content\/uploads\/2025\/12\/sobremi-scaled.png\" class=\"bg attachment-original size-original\" alt=\"\" \/>                                    \n                    <\/div>\n\t\t\n        <div class=\"banner-layers container\">\n            <div class=\"fill banner-link\"><\/div>            \n\n   <div id=\"text-box-612362397\" class=\"text-box banner-layer x50 md-x50 lg-x50 y50 md-y50 lg-y50 res-text\">\n                                <div class=\"text-box-content text \">\n              \n              <div class=\"text-inner text-center\">\n                  \n\n\t<div id=\"text-3448333727\" class=\"text\">\n\t\t\n\n<h2 class=\"uppercase\">Rita S\u00e1nchez<\/h2>\n\t\t\n<style>\n#text-3448333727 {\n  font-size: 0.75rem;\n}\n@media (min-width:550px) {\n  #text-3448333727 {\n    font-size: 1rem;\n  }\n}\n@media (min-width:850px) {\n  #text-3448333727 {\n    font-size: 1.2rem;\n  }\n}\n<\/style>\n\t<\/div>\n\t\n\n              <\/div>\n           <\/div>\n                            \n<style>\n#text-box-612362397 {\n  width: 100%;\n}\n#text-box-612362397 .text-box-content {\n  font-size: 100%;\n}\n@media (min-width:550px) {\n  #text-box-612362397 {\n    width: 74%;\n  }\n}\n<\/style>\n    <\/div>\n \n\n        <\/div>\n      <\/div>\n\n            \n<style>\n#banner-1312251114 {\n  padding-top: 14.28%;\n  background-color: rgba(0, 0, 0, 0);\n}\n#banner-1312251114 .banner-bg img {\n  object-position: 50% 50%;\n}\n<\/style>\n  <\/div>\n\n\n\n\t\t<\/div>\n\t\t\t\t\t<\/div>\n\n\t\n\n\t<div id=\"col-133364426\" class=\"col small-12 large-12\"  >\n\t\t\t\t<div class=\"col-inner\"  >\n\t\t\t\n\t\t\t\n\n<div class=\"row\"  id=\"row-1120384663\">\n\n\n\t<div id=\"col-549909033\" class=\"col medium-4 small-12 large-4\"  >\n\t\t\t\t<div class=\"col-inner\"  >\n\t\t\t\n\t\t\t\n\n\t<div id=\"text-833556298\" class=\"text\">\n\t\t\n\n<h3 class = uppercase>Referente en Gastronom\u00eda Mexicana en Espa\u00f1a | Asesora Culinaria | Experiencias de Viaje<\/h3>\n<p>Soy Rita S\u00e1nchez, una apasionada de la gastronom\u00eda tradicional mexicana. Desde hace m\u00e1s de 30 a\u00f1os, he encontrado mi hogar en Madrid, donde he echado ra\u00edces y construido una vida llena de sabores y conexiones. Mis ra\u00edces est\u00e1n en Guadalajara, Jalisco, donde crec\u00ed en una familia numerosa que celebraba cada emoci\u00f3n alrededor de una mesa llena de amor y tradici\u00f3n.<\/p>\n<h3 class = uppercase>Mi Camino<\/h3>\n<p>Al llegar a Madrid, sent\u00ed una profunda nostalgia por mis antojitos mexicanos, como las tostadas de manitas de cerdo y el pozole, entre otros; no los encontraba en Espa\u00f1a. As\u00ed que me los ten\u00eda que preparar en casa. Te puedo asegurar que cada bocado me recordaba y me llevaba a M\u00e9xico y a las celebraciones familiares. Esa a\u00f1oranza me llev\u00f3 a preguntarme: \u00bfpor qu\u00e9 no abrir un restaurante donde cada platillo cuente una historia, celebrando la diversidad de mi pa\u00eds? As\u00ed, junto a Efr\u00e9n, en 1998, creamos la \u00abTaquer\u00eda del Alamillo\u00bb, un espacio donde todos, especialmente los mexicanos, nos sinti\u00e9ramos en casa y disfrut\u00e1ramos de nuestra rica gastronom\u00eda y tradiciones.<\/p>\n\t\t\n<style>\n#text-833556298 {\n  text-align: center;\n}\n@media (min-width:550px) {\n  #text-833556298 {\n    text-align: left;\n  }\n}\n<\/style>\n\t<\/div>\n\t\n\n\t\t<\/div>\n\t\t\t\t\t<\/div>\n\n\t\n\n\t<div id=\"col-866126660\" class=\"col medium-4 small-12 large-4\"  >\n\t\t\t\t<div class=\"col-inner text-center\"  >\n\t\t\t\n\t\t\t\n\n\t<div class=\"img has-hover x md-x lg-x y md-y lg-y\" id=\"image_817481882\">\n\t\t\t\t\t\t\t\t<div class=\"img-inner dark\" >\n\t\t\t<img loading=\"lazy\" decoding=\"async\" width=\"864\" height=\"1536\" src=\"https:\/\/cocinandoconrita.com\/wp-content\/uploads\/2026\/02\/A021EFFE-CA2E-46E9-88AB-72CEB8C508F7.png\" class=\"attachment-original size-original\" alt=\"\" srcset=\"https:\/\/cocinandoconrita.com\/wp-content\/uploads\/2026\/02\/A021EFFE-CA2E-46E9-88AB-72CEB8C508F7.png 864w, https:\/\/cocinandoconrita.com\/wp-content\/uploads\/2026\/02\/A021EFFE-CA2E-46E9-88AB-72CEB8C508F7-169x300.png 169w, https:\/\/cocinandoconrita.com\/wp-content\/uploads\/2026\/02\/A021EFFE-CA2E-46E9-88AB-72CEB8C508F7-576x1024.png 576w, https:\/\/cocinandoconrita.com\/wp-content\/uploads\/2026\/02\/A021EFFE-CA2E-46E9-88AB-72CEB8C508F7-768x1365.png 768w, https:\/\/cocinandoconrita.com\/wp-content\/uploads\/2026\/02\/A021EFFE-CA2E-46E9-88AB-72CEB8C508F7-7x12.png 7w\" sizes=\"auto, (max-width: 864px) 100vw, 864px\" \/>\t\t\t\t\t\t\n\t\t\t\t\t<\/div>\n\t\t\t\t\t\t\t\t\n<style>\n#image_817481882 {\n  width: 97%;\n}\n<\/style>\n\t<\/div>\n\t\n\n\n\t\t<\/div>\n\t\t\t\t\t<\/div>\n\n\t\n\n\t<div id=\"col-27198987\" class=\"col medium-4 small-12 large-4\"  >\n\t\t\t\t<div class=\"col-inner\"  >\n\t\t\t\n\t\t\t\n\n\t<div id=\"text-241569646\" class=\"text\">\n\t\t\n\n<p>En 2011, vendimos la marca de la taquer\u00eda, a pesar de tener una lista de espera de m\u00e1s de seis meses, lo que nos consolid\u00f3 como un referente de la cocina mexicana en Espa\u00f1a. Con esa misma pasi\u00f3n, y tach\u00e1ndome la gente de estar loca por aventurarme a algo que no hab\u00eda en Espa\u00f1a, un mercado desconocido, en 2001 abrimos \u00abCanasta Mexicana\u00bb, la primera tienda especializada en productos mexicanos en Europa, trayendo m\u00e1s de 350 ingredientes aut\u00e9nticos que no se encontraban en el continente. Aunque cerramos la tienda en 2014, su legado sigue vivo, inspirando a otros a descubrir la riqueza de nuestra gastronom\u00eda. Siempre he dicho que fue una bendita locura; hacer, disfrutar y aportar fue y sigue siendo algo maravilloso.<\/p>\n<h3 class = uppercase>Mis ra\u00edces, mi cocina<\/h3>\n<p>Estoy muy orgullosa de haber contribuido, junto a Efr\u00e9n, a la transformaci\u00f3n gastron\u00f3mica en Madrid y en toda Europa. Nuestro compromiso es seguir promoviendo la rica cultura y cocina de M\u00e9xico en estos lugares donde la gastronom\u00eda ocupa un papel fundamental.<\/p>\n<p>A lo largo de estas tres d\u00e9cadas, he sido testigo de c\u00f3mo se ha transformado la percepci\u00f3n de nuestra cocina mexicana en este continente y m\u00e1s all\u00e1. Continuamos trabajando incansablemente para difundir nuestras tradiciones ancestrales, porque cada platillo es una invitaci\u00f3n a celebrar nuestra historia y nuestra identidad.<\/p>\n\t\t\n<style>\n#text-241569646 {\n  text-align: center;\n}\n@media (min-width:550px) {\n  #text-241569646 {\n    text-align: left;\n  }\n}\n<\/style>\n\t<\/div>\n\t\n<a href=\"\/sobre-mi\" class=\"button primary is-outline\" style=\"border-radius:99px;\">\n\t\t<span>leer m\u00e1s<\/span>\n\t<\/a>\n\n\n\n\t\t<\/div>\n\t\t\t\t\t<\/div>\n\n\t\n\n<\/div>\n\n\t\t<\/div>\n\t\t\t\t\t<\/div>\n\n\t\n\n<\/div>\n\t<div id=\"gap-587937259\" class=\"gap-element clearfix\" style=\"display:block; height:auto;\">\n\t\t\n<style>\n#gap-587937259 {\n  padding-top: 70px;\n}\n<\/style>\n\t<\/div>\n\t\n\n<div class=\"row row-large align-center\"  id=\"row-891120714\">\n\n\n\t<div id=\"col-2043104021\" class=\"col medium-10 small-12 large-10\"  >\n\t\t\t\t<div class=\"col-inner\"  >\n\t\t\t\n\t\t\t\n\n\t<div id=\"text-2465772277\" class=\"text uppercase\">\n\t\t\n\n<h2>viaja con rita<\/h2>\n\t\t\n<style>\n#text-2465772277 {\n  text-align: center;\n}\n<\/style>\n\t<\/div>\n\t\n\t<div id=\"text-1749073130\" class=\"text\">\n\t\t\n\n<p>Acomp\u00e1\u00f1ame a un recorrido por M\u00e9xico, un viaje al coraz\u00f3n de nuestra gastronom\u00eda. Mi objetivo es mostrarte la esencia de nuestra gente, celebrando nuestra cocina ancestral y por lo que he trabajado durante d\u00e9cadas es para que nuestras tradiciones permanezcan vivas para las futuras generaciones.\n<\/p>\n\t\t\n<style>\n#text-1749073130 {\n  text-align: center;\n}\n<\/style>\n\t<\/div>\n\t\n\n\t\t<\/div>\n\t\t\t\t\t<\/div>\n\n\t\n\n\t<div id=\"col-1741950865\" class=\"col small-12 large-12\"  >\n\t\t\t\t<div class=\"col-inner\"  >\n\t\t\t\n\t\t\t\n\n  <style>\n    #row-1160539700 .grid-col-1{height: 600px}\n    #row-1160539700 .grid-col-1-2{height: 300px}\n    #row-1160539700 .grid-col-1-3{height:200px}\n    #row-1160539700 .grid-col-2-3{height: 400px}\n    #row-1160539700 .grid-col-1-4{height: 150px}\n    #row-1160539700 .grid-col-3-4{height: 450px}\n\n\n        \/* Tablet *\/\n    @media (max-width: 850px){\n      #row-1160539700 .grid-col-1{height: 400px}\n      #row-1160539700 .grid-col-1-2{height: 200px}\n      #row-1160539700 .grid-col-1-3{height:133.33333333333px}\n      #row-1160539700 .grid-col-2-3{height: 266.66666666667px}\n      #row-1160539700 .grid-col-1-4{height: 100px}\n      #row-1160539700 .grid-col-3-4{height: 300px}\n    }\n    \n        \/* Mobile *\/\n    @media (max-width: 550px){\n      #row-1160539700 .grid-col-1{height: 400px}\n      #row-1160539700 .grid-col-1-2{height: 200px}\n      #row-1160539700 .grid-col-1-3{height:133.33333333333px}\n      #row-1160539700 .grid-col-2-3{height: 266.66666666667px}\n      #row-1160539700 .grid-col-1-4{height: 100px}\n      #row-1160539700 .grid-col-3-4{height: 300px}\n    }\n    \n\n  <\/style>\n  \n  \n    <div id=\"row-1160539700\" class=\"row row-xsmall has-shadow row-box-shadow-1 row-grid\" data-packery-options='{\"itemSelector\": \".col\", \"gutter\": 0, \"presentageWidth\" : true}'>\n\n  <div class=\"col post-item grid-col grid-col-1 large-6 medium-12\" >\n\t\t\t<div class=\"col-inner\">\n\t\t\t\t<div class=\"box box-shade dark box-text-bottom box-blog-post has-hover\">\n            \t\t\t\t\t<div class=\"box-image\" >\n  \t\t\t\t\t\t<div class=\"image-cover\" style=\"padding-top:56%;\">\n\t\t\t\t\t\t\t<a href=\"https:\/\/cocinandoconrita.com\/en\/entre-suspiro-y-suspiro-esencia-y-sazon-mexicana\/\" class=\"plain\" aria-label=\"Entre Suspiro y Suspiro: Esencia y Saz\u00f3n Mexicana\">\n\t\t\t\t\t\t\t\t<img loading=\"lazy\" decoding=\"async\" width=\"241\" height=\"300\" src=\"https:\/\/cocinandoconrita.com\/wp-content\/uploads\/2025\/11\/img_3500-3-241x300.jpg\" class=\"attachment-medium size-medium wp-post-image\" alt=\"\" srcset=\"https:\/\/cocinandoconrita.com\/wp-content\/uploads\/2025\/11\/img_3500-3-241x300.jpg 241w, https:\/\/cocinandoconrita.com\/wp-content\/uploads\/2025\/11\/img_3500-3-821x1024.jpg 821w, https:\/\/cocinandoconrita.com\/wp-content\/uploads\/2025\/11\/img_3500-3-768x958.jpg 768w, https:\/\/cocinandoconrita.com\/wp-content\/uploads\/2025\/11\/img_3500-3-1232x1536.jpg 1232w, https:\/\/cocinandoconrita.com\/wp-content\/uploads\/2025\/11\/img_3500-3.jpg 1284w\" sizes=\"auto, (max-width: 241px) 100vw, 241px\" \/>\t\t\t\t\t\t\t<\/a>\n  \t\t\t\t\t\t\t<div class=\"overlay\" style=\"background-color: rgba(0, 0, 0, 0.302)\"><\/div>  \t\t\t\t\t\t\t<div class=\"shade\"><\/div>  \t\t\t\t\t\t<\/div>\n  \t\t\t\t\t\t  \t\t\t\t\t<\/div>\n          \t\t\t\t\t<div class=\"box-text text-center\" >\n\t\t\t\t\t<div class=\"box-text-inner blog-post-inner\">\n\n\t\t\t\t\t\n\t\t\t\t\t\t\t\t\t\t<h5 class=\"post-title is-larger uppercase\">\n\t\t\t\t\t\t<a href=\"https:\/\/cocinandoconrita.com\/en\/entre-suspiro-y-suspiro-esencia-y-sazon-mexicana\/\" class=\"plain\">Entre Suspiro y Suspiro: Esencia y Saz\u00f3n Mexicana<\/a>\n\t\t\t\t\t<\/h5>\n\t\t\t\t\t\t\t\t\t\t<div class=\"is-divider\"><\/div>\n\t\t\t\t\t\t\t\t\t\t<p class=\"from_the_blog_excerpt \">\n\t\t\t\t\t\tUno de los primeros restaurantes mexicanos que visit\u00e9 al llegar a Madrid en 1993 fue [...]\t\t\t\t\t<\/p>\n\t\t\t\t\t                    \n\t\t\t\t\t\t\t\t\t\t\t<a href=\"https:\/\/cocinandoconrita.com\/en\/entre-suspiro-y-suspiro-esencia-y-sazon-mexicana\/\" class=\"button  is-outline is-small mb-0\">\n\t\t\t\t\t\t\tLeer m\u00e1s\t\t\t\t\t\t<\/a>\n\t\t\t\t\t\n\t\t\t\t\t\n\t\t\t\t\t<\/div>\n\t\t\t\t\t<\/div>\n\t\t\t\t\t\t\t\t\t\t\t\t\t\t\t\t<div class=\"badge absolute top post-date badge-circle-inside\">\n\t\t\t\t\t\t\t<div class=\"badge-inner\">\n\t\t\t\t\t\t\t\t<span class=\"post-date-day\">09<\/span><br>\n\t\t\t\t\t\t\t\t<span class=\"post-date-month is-xsmall\">Nov<\/span>\n\t\t\t\t\t\t\t<\/div>\n\t\t\t\t\t\t<\/div>\n\t\t\t\t\t\t\t\t\t<\/div>\n\t\t\t<\/div>\n\t\t<\/div><div class=\"col post-item has-post-icon grid-col grid-col-1 large-3 medium-6\" >\n\t\t\t<div class=\"col-inner\">\n\t\t\t\t<div class=\"box box-shade dark box-text-bottom box-blog-post has-hover\">\n            \t\t\t\t\t<div class=\"box-image\" >\n  \t\t\t\t\t\t<div class=\"image-cover\" style=\"padding-top:56%;\">\n\t\t\t\t\t\t\t<a href=\"https:\/\/cocinandoconrita.com\/en\/pipian-o-pepian\/\" class=\"plain\" aria-label=\"Pipi\u00e1n o Pepi\u00e1n\">\n\t\t\t\t\t\t\t\t<img loading=\"lazy\" decoding=\"async\" width=\"300\" height=\"225\" src=\"https:\/\/cocinandoconrita.com\/wp-content\/uploads\/2022\/08\/pipian-3-300x225.jpg\" class=\"attachment-medium size-medium wp-post-image\" alt=\"\" srcset=\"https:\/\/cocinandoconrita.com\/wp-content\/uploads\/2022\/08\/pipian-3-300x225.jpg 300w, https:\/\/cocinandoconrita.com\/wp-content\/uploads\/2022\/08\/pipian-3-1024x768.jpg 1024w, https:\/\/cocinandoconrita.com\/wp-content\/uploads\/2022\/08\/pipian-3-768x576.jpg 768w, https:\/\/cocinandoconrita.com\/wp-content\/uploads\/2022\/08\/pipian-3.jpg 1280w\" sizes=\"auto, (max-width: 300px) 100vw, 300px\" \/>\t\t\t\t\t\t\t<\/a>\n  \t\t\t\t\t\t\t<div class=\"overlay\" style=\"background-color: rgba(0, 0, 0, 0.302)\"><\/div>  \t\t\t\t\t\t\t<div class=\"shade\"><\/div>  \t\t\t\t\t\t<\/div>\n  \t\t\t\t\t\t  \t\t\t\t\t\t\t<div class=\"absolute no-click x50 y50 md-x50 md-y50 lg-x50 lg-y50\">\n  \t\t\t\t            \t<div class=\"overlay-icon\">\n  \t\t\t\t                    <i class=\"icon-play\" aria-hidden=\"true\"><\/i>  \t\t\t\t                <\/div>\n  \t\t\t\t            <\/div>\n  \t\t\t\t\t\t  \t\t\t\t\t<\/div>\n          \t\t\t\t\t<div class=\"box-text text-center\" >\n\t\t\t\t\t<div class=\"box-text-inner blog-post-inner\">\n\n\t\t\t\t\t\n\t\t\t\t\t\t\t\t\t\t<h5 class=\"post-title is-larger uppercase\">\n\t\t\t\t\t\t<a href=\"https:\/\/cocinandoconrita.com\/en\/pipian-o-pepian\/\" class=\"plain\">Pipi\u00e1n o Pepi\u00e1n<\/a>\n\t\t\t\t\t<\/h5>\n\t\t\t\t\t\t\t\t\t\t<div class=\"is-divider\"><\/div>\n\t\t\t\t\t\t\t\t\t\t<p class=\"from_the_blog_excerpt \">\n\t\t\t\t\t\tEl pipi\u00e1n, o pepi\u00e1n, en M\u00e9xico lo puedes encontrar en pasta o en polvo para [...]\t\t\t\t\t<\/p>\n\t\t\t\t\t                    \n\t\t\t\t\t\t\t\t\t\t\t<a href=\"https:\/\/cocinandoconrita.com\/en\/pipian-o-pepian\/\" class=\"button  is-outline is-small mb-0\">\n\t\t\t\t\t\t\tLeer m\u00e1s\t\t\t\t\t\t<\/a>\n\t\t\t\t\t\n\t\t\t\t\t\n\t\t\t\t\t<\/div>\n\t\t\t\t\t<\/div>\n\t\t\t\t\t\t\t\t\t\t\t\t\t\t\t\t<div class=\"badge absolute top post-date badge-circle-inside\">\n\t\t\t\t\t\t\t<div class=\"badge-inner\">\n\t\t\t\t\t\t\t\t<span class=\"post-date-day\">16<\/span><br>\n\t\t\t\t\t\t\t\t<span class=\"post-date-month is-xsmall\">Aug<\/span>\n\t\t\t\t\t\t\t<\/div>\n\t\t\t\t\t\t<\/div>\n\t\t\t\t\t\t\t\t\t<\/div>\n\t\t\t<\/div>\n\t\t<\/div><div class=\"col post-item has-post-icon grid-col grid-col-1-2 large-3 medium-6\" >\n\t\t\t<div class=\"col-inner\">\n\t\t\t\t<div class=\"box box-shade dark box-text-bottom box-blog-post has-hover\">\n            \t\t\t\t\t<div class=\"box-image\" >\n  \t\t\t\t\t\t<div class=\"image-cover\" style=\"padding-top:56%;\">\n\t\t\t\t\t\t\t<a href=\"https:\/\/cocinandoconrita.com\/en\/empanadas-de-cuaresma\/\" class=\"plain\" aria-label=\"Empanadas de Cuaresma\">\n\t\t\t\t\t\t\t\t<img loading=\"lazy\" decoding=\"async\" width=\"150\" height=\"150\" src=\"https:\/\/cocinandoconrita.com\/wp-content\/uploads\/2021\/04\/maxresdefault-1-150x150.jpg\" class=\"attachment-thumbnail size-thumbnail wp-post-image\" alt=\"\" \/>\t\t\t\t\t\t\t<\/a>\n  \t\t\t\t\t\t\t<div class=\"overlay\" style=\"background-color: rgba(0, 0, 0, 0.302)\"><\/div>  \t\t\t\t\t\t\t<div class=\"shade\"><\/div>  \t\t\t\t\t\t<\/div>\n  \t\t\t\t\t\t  \t\t\t\t\t\t\t<div class=\"absolute no-click x50 y50 md-x50 md-y50 lg-x50 lg-y50\">\n  \t\t\t\t            \t<div class=\"overlay-icon\">\n  \t\t\t\t                    <i class=\"icon-play\" aria-hidden=\"true\"><\/i>  \t\t\t\t                <\/div>\n  \t\t\t\t            <\/div>\n  \t\t\t\t\t\t  \t\t\t\t\t<\/div>\n          \t\t\t\t\t<div class=\"box-text text-center\" >\n\t\t\t\t\t<div class=\"box-text-inner blog-post-inner\">\n\n\t\t\t\t\t\n\t\t\t\t\t\t\t\t\t\t<h5 class=\"post-title is-larger uppercase\">\n\t\t\t\t\t\t<a href=\"https:\/\/cocinandoconrita.com\/en\/empanadas-de-cuaresma\/\" class=\"plain\">Empanadas de Cuaresma<\/a>\n\t\t\t\t\t<\/h5>\n\t\t\t\t\t\t\t\t\t\t<div class=\"is-divider\"><\/div>\n\t\t\t\t\t                    \n\t\t\t\t\t\t\t\t\t\t\t<a href=\"https:\/\/cocinandoconrita.com\/en\/empanadas-de-cuaresma\/\" class=\"button  is-outline is-small mb-0\">\n\t\t\t\t\t\t\tLeer m\u00e1s\t\t\t\t\t\t<\/a>\n\t\t\t\t\t\n\t\t\t\t\t\n\t\t\t\t\t<\/div>\n\t\t\t\t\t<\/div>\n\t\t\t\t\t\t\t\t\t\t\t\t\t\t\t\t<div class=\"badge absolute top post-date badge-circle-inside\">\n\t\t\t\t\t\t\t<div class=\"badge-inner\">\n\t\t\t\t\t\t\t\t<span class=\"post-date-day\">02<\/span><br>\n\t\t\t\t\t\t\t\t<span class=\"post-date-month is-xsmall\">Apr<\/span>\n\t\t\t\t\t\t\t<\/div>\n\t\t\t\t\t\t<\/div>\n\t\t\t\t\t\t\t\t\t<\/div>\n\t\t\t<\/div>\n\t\t<\/div><div class=\"col post-item has-post-icon grid-col grid-col-1-2 large-3 medium-6\" >\n\t\t\t<div class=\"col-inner\">\n\t\t\t\t<div class=\"box box-shade dark box-text-bottom box-blog-post has-hover\">\n            \t\t\t\t\t<div class=\"box-image\" >\n  \t\t\t\t\t\t<div class=\"image-cover\" style=\"padding-top:56%;\">\n\t\t\t\t\t\t\t<a href=\"https:\/\/cocinandoconrita.com\/en\/la-canela-un-placer-para-todos-nuestros-sentidos\/\" class=\"plain\" aria-label=\"La canela un placer para todos nuestros sentidos\">\n\t\t\t\t\t\t\t\t<img loading=\"lazy\" decoding=\"async\" width=\"150\" height=\"150\" src=\"https:\/\/cocinandoconrita.com\/wp-content\/uploads\/2020\/04\/maxresdefault-3-150x150.jpg\" class=\"attachment-thumbnail size-thumbnail wp-post-image\" alt=\"La canela un placer para todos nuestros sentidos\" \/>\t\t\t\t\t\t\t<\/a>\n  \t\t\t\t\t\t\t<div class=\"overlay\" style=\"background-color: rgba(0, 0, 0, 0.302)\"><\/div>  \t\t\t\t\t\t\t<div class=\"shade\"><\/div>  \t\t\t\t\t\t<\/div>\n  \t\t\t\t\t\t  \t\t\t\t\t\t\t<div class=\"absolute no-click x50 y50 md-x50 md-y50 lg-x50 lg-y50\">\n  \t\t\t\t            \t<div class=\"overlay-icon\">\n  \t\t\t\t                    <i class=\"icon-play\" aria-hidden=\"true\"><\/i>  \t\t\t\t                <\/div>\n  \t\t\t\t            <\/div>\n  \t\t\t\t\t\t  \t\t\t\t\t<\/div>\n          \t\t\t\t\t<div class=\"box-text text-center\" >\n\t\t\t\t\t<div class=\"box-text-inner blog-post-inner\">\n\n\t\t\t\t\t\n\t\t\t\t\t\t\t\t\t\t<h5 class=\"post-title is-larger uppercase\">\n\t\t\t\t\t\t<a href=\"https:\/\/cocinandoconrita.com\/en\/la-canela-un-placer-para-todos-nuestros-sentidos\/\" class=\"plain\">La canela un placer para todos nuestros sentidos<\/a>\n\t\t\t\t\t<\/h5>\n\t\t\t\t\t\t\t\t\t\t<div class=\"is-divider\"><\/div>\n\t\t\t\t\t                    \n\t\t\t\t\t\t\t\t\t\t\t<a href=\"https:\/\/cocinandoconrita.com\/en\/la-canela-un-placer-para-todos-nuestros-sentidos\/\" class=\"button  is-outline is-small mb-0\">\n\t\t\t\t\t\t\tLeer m\u00e1s\t\t\t\t\t\t<\/a>\n\t\t\t\t\t\n\t\t\t\t\t\n\t\t\t\t\t<\/div>\n\t\t\t\t\t<\/div>\n\t\t\t\t\t\t\t\t\t\t\t\t\t\t\t\t<div class=\"badge absolute top post-date badge-circle-inside\">\n\t\t\t\t\t\t\t<div class=\"badge-inner\">\n\t\t\t\t\t\t\t\t<span class=\"post-date-day\">17<\/span><br>\n\t\t\t\t\t\t\t\t<span class=\"post-date-month is-xsmall\">Apr<\/span>\n\t\t\t\t\t\t\t<\/div>\n\t\t\t\t\t\t<\/div>\n\t\t\t\t\t\t\t\t\t<\/div>\n\t\t\t<\/div>\n\t\t<\/div><\/div>\n\n\n\t\t<\/div>\n\t\t\t\t\t<\/div>\n\n\t\n\n\t<div id=\"col-1270813035\" class=\"col medium-4 small-12 large-4\"  >\n\t\t\t\t<div class=\"col-inner text-center\"  >\n\t\t\t\n\t\t\t\n\n<a href=\"\/viajando-con-rita\" class=\"button primary is-outline\" style=\"border-radius:99px;\">\n\t\t<span>ver m\u00e1s<\/span>\n\t<\/a>\n\n\n\t<div id=\"gap-292470928\" class=\"gap-element clearfix\" style=\"display:block; height:auto;\">\n\t\t\n<style>\n#gap-292470928 {\n  padding-top: 70px;\n}\n<\/style>\n\t<\/div>\n\t\n\n\n\t\t<\/div>\n\t\t\t\t\t<\/div>\n\n\t\n\n<\/div>\n<div class=\"row row-large align-center\"  id=\"row-1606223248\">\n\n\n\t<div id=\"col-119169078\" class=\"col small-12 large-12\"  >\n\t\t\t\t<div class=\"col-inner\"  >\n\t\t\t\n\t\t\t\n\n<span class=\"scroll-to\" data-label=\"Scroll to: #dondeencontrar\" data-bullet=\"false\" data-link=\"#dondeencontrar\" data-title=\"Change this\"><a name=\"dondeencontrar\"><\/a><\/span>\n\n<div class=\"row align-middle align-center\"  id=\"row-1303671372\">\n\n\n\t<div id=\"col-1324725299\" class=\"col medium-11 small-12 large-7\"  >\n\t\t\t\t<div class=\"col-inner\"  >\n\t\t\t\n\t\t\t\n\n\t<div id=\"text-1356569810\" class=\"text uppercase\">\n\t\t\n\n<h2>Donde Encontrar Ingredientes Mexicanos<br \/>\n<\/h2>\n\t\t\n<style>\n#text-1356569810 {\n  text-align: center;\n}\n@media (min-width:550px) {\n  #text-1356569810 {\n    text-align: left;\n  }\n}\n<\/style>\n\t<\/div>\n\t\n\t<div id=\"text-524577849\" class=\"text\">\n\t\t\n\n<p>\u00a1Bienvenido! Aqu\u00ed encontrar\u00e1s una gu\u00eda completa para localizar esos ingredientes mexicanos que a veces son dif\u00edciles de conseguir o que tienen nombres distintos en otros pa\u00edses. Algunos de estos ingredientes son t\u00edpicos de otras culturas, pero al final, cuando los pruebas, \u00a1te sorprenden porque son parte de nuestro aut\u00e9ntico sabor!<br \/><br \/><strong>La Calidad es Fundamental<\/strong><br \/>Te ayudaremos a encontrar los mejores productos, desde mercados locales vibrantes hasta tiendas especializadas. Con nuestra gu\u00eda, podr\u00e1s recrear los sabores aut\u00e9nticos de M\u00e9xico en tu hogar o restaurante, sin importar d\u00f3nde te encuentres.<br \/><br \/>Explora, cocina y sorprende a tus comensales con lo mejor de nuestra gastronom\u00eda. \u00a1La aventura culinaria comienza aqu\u00ed!<\/p>\n\t\t\n<style>\n#text-524577849 {\n  text-align: center;\n}\n@media (min-width:550px) {\n  #text-524577849 {\n    text-align: left;\n  }\n}\n<\/style>\n\t<\/div>\n\t\n<div class=\"row\"  id=\"row-1811296325\">\n\n\n\t<div id=\"col-2113579543\" class=\"col hide-for-medium small-12 large-12\"  >\n\t\t\t\t<div class=\"col-inner\"  >\n\t\t\t\n\t\t\t\n\n<a href=\"\/donde-encontrar-el-mamey-en-espana\/\" class=\"button primary is-outline hide-for-small\" style=\"border-radius:99px;\">\n\t\t<span>Leer m\u00e1s<\/span>\n\t<\/a>\n\n\n\n\t\t<\/div>\n\t\t\t\t\t<\/div>\n\n\t\n\n<\/div>\n\n\t\t<\/div>\n\t\t\t\t\t<\/div>\n\n\t\n\n\t<div id=\"col-1464300660\" class=\"col medium-11 small-12 large-4\"  >\n\t\t\t\t<div class=\"col-inner\"  >\n\t\t\t\n\t\t\t\n\n\t<div class=\"img has-hover x md-x lg-x y md-y lg-y\" id=\"image_1880507255\">\n\t\t\t\t\t\t\t\t<div class=\"img-inner dark\" >\n\t\t\t<img loading=\"lazy\" decoding=\"async\" width=\"1409\" height=\"100\" src=\"https:\/\/cocinandoconrita.com\/wp-content\/uploads\/2025\/12\/top.png\" class=\"attachment-original size-original\" alt=\"\" srcset=\"https:\/\/cocinandoconrita.com\/wp-content\/uploads\/2025\/12\/top.png 1409w, https:\/\/cocinandoconrita.com\/wp-content\/uploads\/2025\/12\/top-300x21.png 300w, https:\/\/cocinandoconrita.com\/wp-content\/uploads\/2025\/12\/top-1024x73.png 1024w, https:\/\/cocinandoconrita.com\/wp-content\/uploads\/2025\/12\/top-768x55.png 768w, https:\/\/cocinandoconrita.com\/wp-content\/uploads\/2025\/12\/top-18x1.png 18w\" sizes=\"auto, (max-width: 1409px) 100vw, 1409px\" \/>\t\t\t\t\t\t\n\t\t\t\t\t<\/div>\n\t\t\t\t\t\t\t\t\n<style>\n#image_1880507255 {\n  width: 100%;\n}\n<\/style>\n\t<\/div>\n\t\n\n\n  <div class=\"banner has-hover\" id=\"banner-533894153\">\n          <div class=\"banner-inner fill\">\n        <div class=\"banner-bg fill\" >\n            <img loading=\"lazy\" decoding=\"async\" width=\"2560\" height=\"2560\" src=\"https:\/\/cocinandoconrita.com\/wp-content\/uploads\/2026\/02\/IMG_4968-scaled.jpg\" class=\"bg attachment-original size-original\" alt=\"\" \/>                                    \n                    <\/div>\n\t\t\n        <div class=\"banner-layers container\">\n            <div class=\"fill banner-link\"><\/div>            \n\n   <div id=\"text-box-290360290\" class=\"text-box banner-layer x50 md-x50 lg-x50 y50 md-y50 lg-y50 res-text\">\n                                <div class=\"text-box-content text dark\">\n              \n              <div class=\"text-inner text-center\">\n                  \n\n\n              <\/div>\n           <\/div>\n                            \n<style>\n#text-box-290360290 {\n  width: 46%;\n}\n#text-box-290360290 .text-box-content {\n  font-size: 100%;\n}\n<\/style>\n    <\/div>\n \n\n        <\/div>\n      <\/div>\n\n            \n<style>\n#banner-533894153 {\n  padding-top: 300px;\n}\n<\/style>\n  <\/div>\n\n\n\t<div class=\"img has-hover x md-x lg-x y md-y lg-y\" id=\"image_842964934\">\n\t\t\t\t\t\t\t\t<div class=\"img-inner dark\" style=\"margin:10px 0px 0px 0px;\">\n\t\t\t<img loading=\"lazy\" decoding=\"async\" width=\"1409\" height=\"100\" src=\"https:\/\/cocinandoconrita.com\/wp-content\/uploads\/2025\/12\/bottom.png\" class=\"attachment-original size-original\" alt=\"\" srcset=\"https:\/\/cocinandoconrita.com\/wp-content\/uploads\/2025\/12\/bottom.png 1409w, https:\/\/cocinandoconrita.com\/wp-content\/uploads\/2025\/12\/bottom-300x21.png 300w, https:\/\/cocinandoconrita.com\/wp-content\/uploads\/2025\/12\/bottom-1024x73.png 1024w, https:\/\/cocinandoconrita.com\/wp-content\/uploads\/2025\/12\/bottom-768x55.png 768w, https:\/\/cocinandoconrita.com\/wp-content\/uploads\/2025\/12\/bottom-18x1.png 18w\" sizes=\"auto, (max-width: 1409px) 100vw, 1409px\" \/>\t\t\t\t\t\t\n\t\t\t\t\t<\/div>\n\t\t\t\t\t\t\t\t\n<style>\n#image_842964934 {\n  width: 100%;\n}\n<\/style>\n\t<\/div>\n\t\n\n\n\t\t<\/div>\n\t\t\t\t\t<\/div>\n\n\t\n\n\t<div id=\"col-1442935486\" class=\"col show-for-medium medium-4 small-12 large-4\"  >\n\t\t\t\t<div class=\"col-inner text-center\"  >\n\t\t\t\n\t\t\t\n\n<a href=\"\/donde-encontrar-el-mamey-en-espana\/\" class=\"button primary is-outline\" style=\"border-radius:99px;\">\n\t\t<span>ver m\u00e1s<\/span>\n\t<\/a>\n\n\n\n\t\t<\/div>\n\t\t\t\t\t<\/div>\n\n\t\n\n<\/div>\n\n\t\t<\/div>\n\t\t\t\t\t<\/div>\n\n\t\n\n\n<style>\n#row-1606223248 > .col > .col-inner {\n  padding: 90px 0px 90px 0px;\n}\n<\/style>\n<\/div>\n<div class=\"row align-center\"  id=\"row-1774917834\">\n\n\n\t<div id=\"col-1123412361\" class=\"col medium-8 small-12 large-8\"  >\n\t\t\t\t<div class=\"col-inner\"  >\n\t\t\t\n\t\t\t\n\n\t<div id=\"text-304315305\" class=\"text uppercase\">\n\t\t\n\n<h2>Mis Reflexiones<\/h2>\n\t\t\n<style>\n#text-304315305 {\n  text-align: center;\n}\n<\/style>\n\t<\/div>\n\t\n\t<div id=\"text-357075244\" class=\"text\">\n\t\t\n\n<p>En esta secci\u00f3n, quiero compartir mis pensamientos y reflexiones que me han conectado con las historias y la riqueza de nuestra cocina, nuestros viajes y nuestra cultura. Aqu\u00ed encontrar\u00e1s mis aprendizajes, sue\u00f1os y frustraciones, as\u00ed como las valiosas lecciones que la gastronom\u00eda y la exploraci\u00f3n de nuestra identidad cultural me han dejado.<br \/><br \/>Cada receta tiene su propia historia y cada viaje nos ense\u00f1a algo nuevo. La cocina y la cultura son viajes llenos de sabores, emociones y tradiciones que nos unen. Te invito a acompa\u00f1arme en esta deliciosa aventura y a celebrar juntos la riqueza de nuestra herencia y a apreciar la diversidad de nuestra cultura. \u00a1Acomp\u00e1\u00f1ame en este viaje y celebremos juntos!<\/p>\n\t\t\n<style>\n#text-357075244 {\n  text-align: center;\n}\n<\/style>\n\t<\/div>\n\t\n\n\t\t<\/div>\n\t\t\t\t\t<\/div>\n\n\t\n\n\t<div id=\"col-2036188320\" class=\"col small-12 large-12\"  >\n\t\t\t\t<div class=\"col-inner\"  >\n\t\t\t\n\t\t\t\n\n\n  \n    <div class=\"row large-columns-3 medium-columns-1 small-columns-1 slider row-slider slider-nav-reveal slider-nav-push\"  data-flickity-options='{&quot;imagesLoaded&quot;: true, &quot;groupCells&quot;: &quot;100%&quot;, &quot;dragThreshold&quot; : 5, &quot;cellAlign&quot;: &quot;left&quot;,&quot;wrapAround&quot;: true,&quot;prevNextButtons&quot;: true,&quot;percentPosition&quot;: true,&quot;pageDots&quot;: false, &quot;rightToLeft&quot;: false, &quot;autoPlay&quot; : false}' >\n\n  <div class=\"col post-item\" >\n\t\t\t<div class=\"col-inner\">\n\t\t\t\t<div class=\"box box-normal box-text-bottom box-blog-post has-hover\">\n            \t\t\t\t\t<div class=\"box-image\" >\n  \t\t\t\t\t\t<div class=\"image-cover\" style=\"padding-top:56.25%;\">\n\t\t\t\t\t\t\t<a href=\"https:\/\/cocinandoconrita.com\/en\/un-abrazo-enorme-hoy-manana-y-siempre\/\" class=\"plain\" aria-label=\"Un abrazo enorme hoy, ma\u00f1ana y siempre\">\n\t\t\t\t\t\t\t\t<img loading=\"lazy\" decoding=\"async\" width=\"300\" height=\"224\" src=\"https:\/\/cocinandoconrita.com\/wp-content\/uploads\/2016\/06\/abrazo-2016-300x224.jpg\" class=\"attachment-medium size-medium wp-post-image\" alt=\"abrazo enorme\" srcset=\"https:\/\/cocinandoconrita.com\/wp-content\/uploads\/2016\/06\/abrazo-2016-300x224.jpg 300w, https:\/\/cocinandoconrita.com\/wp-content\/uploads\/2016\/06\/abrazo-2016-768x574.jpg 768w, https:\/\/cocinandoconrita.com\/wp-content\/uploads\/2016\/06\/abrazo-2016.jpg 1024w\" sizes=\"auto, (max-width: 300px) 100vw, 300px\" \/>\t\t\t\t\t\t\t<\/a>\n  \t\t\t\t\t\t\t  \t\t\t\t\t\t\t  \t\t\t\t\t\t<\/div>\n  \t\t\t\t\t\t  \t\t\t\t\t<\/div>\n          \t\t\t\t\t<div class=\"box-text text-center\" >\n\t\t\t\t\t<div class=\"box-text-inner blog-post-inner\">\n\n\t\t\t\t\t\n\t\t\t\t\t\t\t\t\t\t<h5 class=\"post-title is-large \">\n\t\t\t\t\t\t<a href=\"https:\/\/cocinandoconrita.com\/en\/un-abrazo-enorme-hoy-manana-y-siempre\/\" class=\"plain\">Un abrazo enorme hoy, ma\u00f1ana y siempre<\/a>\n\t\t\t\t\t<\/h5>\n\t\t\t\t\t\t\t\t\t\t<div class=\"is-divider\"><\/div>\n\t\t\t\t\t\t\t\t\t\t<p class=\"from_the_blog_excerpt \">\n\t\t\t\t\t\tUn abrazo enorme hoy, ma\u00f1ana y siempre Que el 2016 sea un a\u00f1o muy amoroso, [...]\t\t\t\t\t<\/p>\n\t\t\t\t\t                    \n\t\t\t\t\t\n\t\t\t\t\t\n\t\t\t\t\t<\/div>\n\t\t\t\t\t<\/div>\n\t\t\t\t\t\t\t\t\t\t\t\t\t\t\t\t<div class=\"badge absolute top post-date badge-outline\">\n\t\t\t\t\t\t\t<div class=\"badge-inner\">\n\t\t\t\t\t\t\t\t<span class=\"post-date-day\">03<\/span><br>\n\t\t\t\t\t\t\t\t<span class=\"post-date-month is-xsmall\">Jun<\/span>\n\t\t\t\t\t\t\t<\/div>\n\t\t\t\t\t\t<\/div>\n\t\t\t\t\t\t\t\t\t<\/div>\n\t\t\t<\/div>\n\t\t<\/div><div class=\"col post-item has-post-icon\" >\n\t\t\t<div class=\"col-inner\">\n\t\t\t\t<div class=\"box box-normal box-text-bottom box-blog-post has-hover\">\n            \t\t\t\t\t<div class=\"box-image\" >\n  \t\t\t\t\t\t<div class=\"image-cover\" style=\"padding-top:56.25%;\">\n\t\t\t\t\t\t\t<a href=\"https:\/\/cocinandoconrita.com\/en\/tostilocos-una-loca-riquisima-combinacion\/\" class=\"plain\" aria-label=\"Tostilocos: una loca y riqu\u00edsima combinaci\u00f3n\">\n\t\t\t\t\t\t\t\t<img loading=\"lazy\" decoding=\"async\" width=\"300\" height=\"169\" src=\"https:\/\/cocinandoconrita.com\/wp-content\/uploads\/2017\/07\/maxresdefault-300x169.jpg\" class=\"attachment-medium size-medium wp-post-image\" alt=\"Tostilocos\" srcset=\"https:\/\/cocinandoconrita.com\/wp-content\/uploads\/2017\/07\/maxresdefault-300x169.jpg 300w, https:\/\/cocinandoconrita.com\/wp-content\/uploads\/2017\/07\/maxresdefault-1024x576.jpg 1024w, https:\/\/cocinandoconrita.com\/wp-content\/uploads\/2017\/07\/maxresdefault-768x432.jpg 768w, https:\/\/cocinandoconrita.com\/wp-content\/uploads\/2017\/07\/maxresdefault.jpg 1280w\" sizes=\"auto, (max-width: 300px) 100vw, 300px\" \/>\t\t\t\t\t\t\t<\/a>\n  \t\t\t\t\t\t\t  \t\t\t\t\t\t\t  \t\t\t\t\t\t<\/div>\n  \t\t\t\t\t\t  \t\t\t\t\t\t\t<div class=\"absolute no-click x50 y50 md-x50 md-y50 lg-x50 lg-y50\">\n  \t\t\t\t            \t<div class=\"overlay-icon\">\n  \t\t\t\t                    <i class=\"icon-play\" aria-hidden=\"true\"><\/i>  \t\t\t\t                <\/div>\n  \t\t\t\t            <\/div>\n  \t\t\t\t\t\t  \t\t\t\t\t<\/div>\n          \t\t\t\t\t<div class=\"box-text text-center\" >\n\t\t\t\t\t<div class=\"box-text-inner blog-post-inner\">\n\n\t\t\t\t\t\n\t\t\t\t\t\t\t\t\t\t<h5 class=\"post-title is-large \">\n\t\t\t\t\t\t<a href=\"https:\/\/cocinandoconrita.com\/en\/tostilocos-una-loca-riquisima-combinacion\/\" class=\"plain\">Tostilocos: una loca y riqu\u00edsima combinaci\u00f3n<\/a>\n\t\t\t\t\t<\/h5>\n\t\t\t\t\t\t\t\t\t\t<div class=\"is-divider\"><\/div>\n\t\t\t\t\t\t\t\t\t\t<p class=\"from_the_blog_excerpt \">\n\t\t\t\t\t\tTostitos\u00ae es el nombre comercial de una botana que consiste en frituras de ma\u00edz, redonditas [...]\t\t\t\t\t<\/p>\n\t\t\t\t\t                    \n\t\t\t\t\t\n\t\t\t\t\t\n\t\t\t\t\t<\/div>\n\t\t\t\t\t<\/div>\n\t\t\t\t\t\t\t\t\t\t\t\t\t\t\t\t<div class=\"badge absolute top post-date badge-outline\">\n\t\t\t\t\t\t\t<div class=\"badge-inner\">\n\t\t\t\t\t\t\t\t<span class=\"post-date-day\">18<\/span><br>\n\t\t\t\t\t\t\t\t<span class=\"post-date-month is-xsmall\">Jul<\/span>\n\t\t\t\t\t\t\t<\/div>\n\t\t\t\t\t\t<\/div>\n\t\t\t\t\t\t\t\t\t<\/div>\n\t\t\t<\/div>\n\t\t<\/div><div class=\"col post-item has-post-icon\" >\n\t\t\t<div class=\"col-inner\">\n\t\t\t\t<div class=\"box box-normal box-text-bottom box-blog-post has-hover\">\n            \t\t\t\t\t<div class=\"box-image\" >\n  \t\t\t\t\t\t<div class=\"image-cover\" style=\"padding-top:56.25%;\">\n\t\t\t\t\t\t\t<a href=\"https:\/\/cocinandoconrita.com\/en\/tortillas-ceremoniales\/\" class=\"plain\" aria-label=\"Tortillas ceremoniales\">\n\t\t\t\t\t\t\t\t<img loading=\"lazy\" decoding=\"async\" width=\"300\" height=\"225\" src=\"https:\/\/cocinandoconrita.com\/wp-content\/uploads\/2016\/06\/video-tortillas-ceremoniales-300x225.jpg\" class=\"attachment-medium size-medium wp-post-image\" alt=\"Tortillas ceremoniales\" srcset=\"https:\/\/cocinandoconrita.com\/wp-content\/uploads\/2016\/06\/video-tortillas-ceremoniales-300x225.jpg 300w, https:\/\/cocinandoconrita.com\/wp-content\/uploads\/2016\/06\/video-tortillas-ceremoniales.jpg 640w\" sizes=\"auto, (max-width: 300px) 100vw, 300px\" \/>\t\t\t\t\t\t\t<\/a>\n  \t\t\t\t\t\t\t  \t\t\t\t\t\t\t  \t\t\t\t\t\t<\/div>\n  \t\t\t\t\t\t  \t\t\t\t\t\t\t<div class=\"absolute no-click x50 y50 md-x50 md-y50 lg-x50 lg-y50\">\n  \t\t\t\t            \t<div class=\"overlay-icon\">\n  \t\t\t\t                    <i class=\"icon-play\" aria-hidden=\"true\"><\/i>  \t\t\t\t                <\/div>\n  \t\t\t\t            <\/div>\n  \t\t\t\t\t\t  \t\t\t\t\t<\/div>\n          \t\t\t\t\t<div class=\"box-text text-center\" >\n\t\t\t\t\t<div class=\"box-text-inner blog-post-inner\">\n\n\t\t\t\t\t\n\t\t\t\t\t\t\t\t\t\t<h5 class=\"post-title is-large \">\n\t\t\t\t\t\t<a href=\"https:\/\/cocinandoconrita.com\/en\/tortillas-ceremoniales\/\" class=\"plain\">Tortillas ceremoniales<\/a>\n\t\t\t\t\t<\/h5>\n\t\t\t\t\t\t\t\t\t\t<div class=\"is-divider\"><\/div>\n\t\t\t\t\t\t\t\t\t\t<p class=\"from_the_blog_excerpt \">\n\t\t\t\t\t\t\u00bfA qu\u00e9 nunca has o\u00eddo hablar de las tortillas ceremoniales? \u00c9stas, en pocas palabras, son [...]\t\t\t\t\t<\/p>\n\t\t\t\t\t                    \n\t\t\t\t\t\n\t\t\t\t\t\n\t\t\t\t\t<\/div>\n\t\t\t\t\t<\/div>\n\t\t\t\t\t\t\t\t\t\t\t\t\t\t\t\t<div class=\"badge absolute top post-date badge-outline\">\n\t\t\t\t\t\t\t<div class=\"badge-inner\">\n\t\t\t\t\t\t\t\t<span class=\"post-date-day\">03<\/span><br>\n\t\t\t\t\t\t\t\t<span class=\"post-date-month is-xsmall\">Jun<\/span>\n\t\t\t\t\t\t\t<\/div>\n\t\t\t\t\t\t<\/div>\n\t\t\t\t\t\t\t\t\t<\/div>\n\t\t\t<\/div>\n\t\t<\/div><div class=\"col post-item\" >\n\t\t\t<div class=\"col-inner\">\n\t\t\t\t<div class=\"box box-normal box-text-bottom box-blog-post has-hover\">\n            \t\t\t\t\t<div class=\"box-image\" >\n  \t\t\t\t\t\t<div class=\"image-cover\" style=\"padding-top:56.25%;\">\n\t\t\t\t\t\t\t<a href=\"https:\/\/cocinandoconrita.com\/en\/torreon-ocampo-guanajuato-mexico-mueganos-trigo-maria-aurelia-colchado\/\" class=\"plain\" aria-label=\"El Torre\u00f3n, Ocampo, Guanajuato, M\u00e9xico. Mu\u00e9ganos de trigo de Mar\u00eda Aurelia Colchado.\">\n\t\t\t\t\t\t\t\t<img loading=\"lazy\" decoding=\"async\" width=\"300\" height=\"211\" src=\"https:\/\/cocinandoconrita.com\/wp-content\/uploads\/2018\/01\/D8B31A48-60DE-4DCB-8F87-946C8FDC08A9-300x211.jpeg\" class=\"attachment-medium size-medium wp-post-image\" alt=\"Mu\u00e9ganos de trigo de Mar\u00eda Aurelia Colchado.\" srcset=\"https:\/\/cocinandoconrita.com\/wp-content\/uploads\/2018\/01\/D8B31A48-60DE-4DCB-8F87-946C8FDC08A9-300x211.jpeg 300w, https:\/\/cocinandoconrita.com\/wp-content\/uploads\/2018\/01\/D8B31A48-60DE-4DCB-8F87-946C8FDC08A9-1024x721.jpeg 1024w, https:\/\/cocinandoconrita.com\/wp-content\/uploads\/2018\/01\/D8B31A48-60DE-4DCB-8F87-946C8FDC08A9-768x541.jpeg 768w, https:\/\/cocinandoconrita.com\/wp-content\/uploads\/2018\/01\/D8B31A48-60DE-4DCB-8F87-946C8FDC08A9-1536x1082.jpeg 1536w, https:\/\/cocinandoconrita.com\/wp-content\/uploads\/2018\/01\/D8B31A48-60DE-4DCB-8F87-946C8FDC08A9-2048x1442.jpeg 2048w\" sizes=\"auto, (max-width: 300px) 100vw, 300px\" \/>\t\t\t\t\t\t\t<\/a>\n  \t\t\t\t\t\t\t  \t\t\t\t\t\t\t  \t\t\t\t\t\t<\/div>\n  \t\t\t\t\t\t  \t\t\t\t\t<\/div>\n          \t\t\t\t\t<div class=\"box-text text-center\" >\n\t\t\t\t\t<div class=\"box-text-inner blog-post-inner\">\n\n\t\t\t\t\t\n\t\t\t\t\t\t\t\t\t\t<h5 class=\"post-title is-large \">\n\t\t\t\t\t\t<a href=\"https:\/\/cocinandoconrita.com\/en\/torreon-ocampo-guanajuato-mexico-mueganos-trigo-maria-aurelia-colchado\/\" class=\"plain\">El Torre\u00f3n, Ocampo, Guanajuato, M\u00e9xico. Mu\u00e9ganos de trigo de Mar\u00eda Aurelia Colchado.<\/a>\n\t\t\t\t\t<\/h5>\n\t\t\t\t\t\t\t\t\t\t<div class=\"is-divider\"><\/div>\n\t\t\t\t\t\t\t\t\t\t<p class=\"from_the_blog_excerpt \">\n\t\t\t\t\t\tMu\u00e9ganos de trigo de Mar\u00eda Aurelia Colchado. El Torre\u00f3n, Ocampo, Guanajuato, M\u00e9xico Ingredientes para los [...]\t\t\t\t\t<\/p>\n\t\t\t\t\t                    \n\t\t\t\t\t\n\t\t\t\t\t\n\t\t\t\t\t<\/div>\n\t\t\t\t\t<\/div>\n\t\t\t\t\t\t\t\t\t\t\t\t\t\t\t\t<div class=\"badge absolute top post-date badge-outline\">\n\t\t\t\t\t\t\t<div class=\"badge-inner\">\n\t\t\t\t\t\t\t\t<span class=\"post-date-day\">27<\/span><br>\n\t\t\t\t\t\t\t\t<span class=\"post-date-month is-xsmall\">Jan<\/span>\n\t\t\t\t\t\t\t<\/div>\n\t\t\t\t\t\t<\/div>\n\t\t\t\t\t\t\t\t\t<\/div>\n\t\t\t<\/div>\n\t\t<\/div><div class=\"col post-item has-post-icon\" >\n\t\t\t<div class=\"col-inner\">\n\t\t\t\t<div class=\"box box-normal box-text-bottom box-blog-post has-hover\">\n            \t\t\t\t\t<div class=\"box-image\" >\n  \t\t\t\t\t\t<div class=\"image-cover\" style=\"padding-top:56.25%;\">\n\t\t\t\t\t\t\t<a href=\"https:\/\/cocinandoconrita.com\/en\/tequesquite-una-ayuda-la-cocina-cuerpo-la-casa\/\" class=\"plain\" aria-label=\"El tequesquite: una ayuda para la cocina, el cuerpo y hasta la casa\">\n\t\t\t\t\t\t\t\t<img loading=\"lazy\" decoding=\"async\" width=\"300\" height=\"169\" src=\"https:\/\/cocinandoconrita.com\/wp-content\/uploads\/2017\/08\/maxresdefault-300x169.jpg\" class=\"attachment-medium size-medium wp-post-image\" alt=\"El tequesquite\" srcset=\"https:\/\/cocinandoconrita.com\/wp-content\/uploads\/2017\/08\/maxresdefault-300x169.jpg 300w, https:\/\/cocinandoconrita.com\/wp-content\/uploads\/2017\/08\/maxresdefault-1024x576.jpg 1024w, https:\/\/cocinandoconrita.com\/wp-content\/uploads\/2017\/08\/maxresdefault-768x432.jpg 768w, https:\/\/cocinandoconrita.com\/wp-content\/uploads\/2017\/08\/maxresdefault.jpg 1280w\" sizes=\"auto, (max-width: 300px) 100vw, 300px\" \/>\t\t\t\t\t\t\t<\/a>\n  \t\t\t\t\t\t\t  \t\t\t\t\t\t\t  \t\t\t\t\t\t<\/div>\n  \t\t\t\t\t\t  \t\t\t\t\t\t\t<div class=\"absolute no-click x50 y50 md-x50 md-y50 lg-x50 lg-y50\">\n  \t\t\t\t            \t<div class=\"overlay-icon\">\n  \t\t\t\t                    <i class=\"icon-play\" aria-hidden=\"true\"><\/i>  \t\t\t\t                <\/div>\n  \t\t\t\t            <\/div>\n  \t\t\t\t\t\t  \t\t\t\t\t<\/div>\n          \t\t\t\t\t<div class=\"box-text text-center\" >\n\t\t\t\t\t<div class=\"box-text-inner blog-post-inner\">\n\n\t\t\t\t\t\n\t\t\t\t\t\t\t\t\t\t<h5 class=\"post-title is-large \">\n\t\t\t\t\t\t<a href=\"https:\/\/cocinandoconrita.com\/en\/tequesquite-una-ayuda-la-cocina-cuerpo-la-casa\/\" class=\"plain\">El tequesquite: una ayuda para la cocina, el cuerpo y hasta la casa<\/a>\n\t\t\t\t\t<\/h5>\n\t\t\t\t\t\t\t\t\t\t<div class=\"is-divider\"><\/div>\n\t\t\t\t\t\t\t\t\t\t<p class=\"from_the_blog_excerpt \">\n\t\t\t\t\t\tEl tequesquite: una ayuda para la cocina, el cuerpo y hasta la casa Por fin [...]\t\t\t\t\t<\/p>\n\t\t\t\t\t                    \n\t\t\t\t\t\n\t\t\t\t\t\n\t\t\t\t\t<\/div>\n\t\t\t\t\t<\/div>\n\t\t\t\t\t\t\t\t\t\t\t\t\t\t\t\t<div class=\"badge absolute top post-date badge-outline\">\n\t\t\t\t\t\t\t<div class=\"badge-inner\">\n\t\t\t\t\t\t\t\t<span class=\"post-date-day\">11<\/span><br>\n\t\t\t\t\t\t\t\t<span class=\"post-date-month is-xsmall\">Aug<\/span>\n\t\t\t\t\t\t\t<\/div>\n\t\t\t\t\t\t<\/div>\n\t\t\t\t\t\t\t\t\t<\/div>\n\t\t\t<\/div>\n\t\t<\/div><div class=\"col post-item has-post-icon\" >\n\t\t\t<div class=\"col-inner\">\n\t\t\t\t<div class=\"box box-normal box-text-bottom box-blog-post has-hover\">\n            \t\t\t\t\t<div class=\"box-image\" >\n  \t\t\t\t\t\t<div class=\"image-cover\" style=\"padding-top:56.25%;\">\n\t\t\t\t\t\t\t<a href=\"https:\/\/cocinandoconrita.com\/en\/tejidos-en-los-telares-de-teotihuacan\/\" class=\"plain\" aria-label=\"Tejidos en los telares de Teotihuac\u00e1n\">\n\t\t\t\t\t\t\t\t<img loading=\"lazy\" decoding=\"async\" width=\"300\" height=\"225\" src=\"https:\/\/cocinandoconrita.com\/wp-content\/uploads\/2016\/06\/video-tejar-300x225.jpg\" class=\"attachment-medium size-medium wp-post-image\" alt=\"Tejidos en los telares de Teotihuac\u00e1n\" srcset=\"https:\/\/cocinandoconrita.com\/wp-content\/uploads\/2016\/06\/video-tejar-300x225.jpg 300w, https:\/\/cocinandoconrita.com\/wp-content\/uploads\/2016\/06\/video-tejar.jpg 640w\" sizes=\"auto, (max-width: 300px) 100vw, 300px\" \/>\t\t\t\t\t\t\t<\/a>\n  \t\t\t\t\t\t\t  \t\t\t\t\t\t\t  \t\t\t\t\t\t<\/div>\n  \t\t\t\t\t\t  \t\t\t\t\t\t\t<div class=\"absolute no-click x50 y50 md-x50 md-y50 lg-x50 lg-y50\">\n  \t\t\t\t            \t<div class=\"overlay-icon\">\n  \t\t\t\t                    <i class=\"icon-play\" aria-hidden=\"true\"><\/i>  \t\t\t\t                <\/div>\n  \t\t\t\t            <\/div>\n  \t\t\t\t\t\t  \t\t\t\t\t<\/div>\n          \t\t\t\t\t<div class=\"box-text text-center\" >\n\t\t\t\t\t<div class=\"box-text-inner blog-post-inner\">\n\n\t\t\t\t\t\n\t\t\t\t\t\t\t\t\t\t<h5 class=\"post-title is-large \">\n\t\t\t\t\t\t<a href=\"https:\/\/cocinandoconrita.com\/en\/tejidos-en-los-telares-de-teotihuacan\/\" class=\"plain\">Tejidos en los telares de Teotihuac\u00e1n<\/a>\n\t\t\t\t\t<\/h5>\n\t\t\t\t\t\t\t\t\t\t<div class=\"is-divider\"><\/div>\n\t\t\t\t\t\t\t\t\t\t<p class=\"from_the_blog_excerpt \">\n\t\t\t\t\t\tTejidos en los telares de Teotihuac\u00e1n \u00bfSab\u00edas que de la hoja de maguey pulquero se [...]\t\t\t\t\t<\/p>\n\t\t\t\t\t                    \n\t\t\t\t\t\n\t\t\t\t\t\n\t\t\t\t\t<\/div>\n\t\t\t\t\t<\/div>\n\t\t\t\t\t\t\t\t\t\t\t\t\t\t\t\t<div class=\"badge absolute top post-date badge-outline\">\n\t\t\t\t\t\t\t<div class=\"badge-inner\">\n\t\t\t\t\t\t\t\t<span class=\"post-date-day\">03<\/span><br>\n\t\t\t\t\t\t\t\t<span class=\"post-date-month is-xsmall\">Jun<\/span>\n\t\t\t\t\t\t\t<\/div>\n\t\t\t\t\t\t<\/div>\n\t\t\t\t\t\t\t\t\t<\/div>\n\t\t\t<\/div>\n\t\t<\/div><div class=\"col post-item has-post-icon\" >\n\t\t\t<div class=\"col-inner\">\n\t\t\t\t<div class=\"box box-normal box-text-bottom box-blog-post has-hover\">\n            \t\t\t\t\t<div class=\"box-image\" >\n  \t\t\t\t\t\t<div class=\"image-cover\" style=\"padding-top:56.25%;\">\n\t\t\t\t\t\t\t<a href=\"https:\/\/cocinandoconrita.com\/en\/tantarrea-sentirla-y-despues-comerla\/\" class=\"plain\" aria-label=\"Tant\u00e1rrea, sentirla y despu\u00e9s comerla\">\n\t\t\t\t\t\t\t\t<img loading=\"lazy\" decoding=\"async\" width=\"300\" height=\"225\" src=\"https:\/\/cocinandoconrita.com\/wp-content\/uploads\/2016\/06\/video-tartarrea-300x225.jpg\" class=\"attachment-medium size-medium wp-post-image\" alt=\"Tant\u00e1rrea\" srcset=\"https:\/\/cocinandoconrita.com\/wp-content\/uploads\/2016\/06\/video-tartarrea-300x225.jpg 300w, https:\/\/cocinandoconrita.com\/wp-content\/uploads\/2016\/06\/video-tartarrea.jpg 480w\" sizes=\"auto, (max-width: 300px) 100vw, 300px\" \/>\t\t\t\t\t\t\t<\/a>\n  \t\t\t\t\t\t\t  \t\t\t\t\t\t\t  \t\t\t\t\t\t<\/div>\n  \t\t\t\t\t\t  \t\t\t\t\t\t\t<div class=\"absolute no-click x50 y50 md-x50 md-y50 lg-x50 lg-y50\">\n  \t\t\t\t            \t<div class=\"overlay-icon\">\n  \t\t\t\t                    <i class=\"icon-play\" aria-hidden=\"true\"><\/i>  \t\t\t\t                <\/div>\n  \t\t\t\t            <\/div>\n  \t\t\t\t\t\t  \t\t\t\t\t<\/div>\n          \t\t\t\t\t<div class=\"box-text text-center\" >\n\t\t\t\t\t<div class=\"box-text-inner blog-post-inner\">\n\n\t\t\t\t\t\n\t\t\t\t\t\t\t\t\t\t<h5 class=\"post-title is-large \">\n\t\t\t\t\t\t<a href=\"https:\/\/cocinandoconrita.com\/en\/tantarrea-sentirla-y-despues-comerla\/\" class=\"plain\">Tant\u00e1rrea, sentirla y despu\u00e9s comerla<\/a>\n\t\t\t\t\t<\/h5>\n\t\t\t\t\t\t\t\t\t\t<div class=\"is-divider\"><\/div>\n\t\t\t\t\t\t\t\t\t\t<p class=\"from_the_blog_excerpt \">\n\t\t\t\t\t\tTant\u00e1rrea, sentirla y despu\u00e9s comerla Hay unas 237 clases de insectos comestibles en M\u00e9xico. La [...]\t\t\t\t\t<\/p>\n\t\t\t\t\t                    \n\t\t\t\t\t\n\t\t\t\t\t\n\t\t\t\t\t<\/div>\n\t\t\t\t\t<\/div>\n\t\t\t\t\t\t\t\t\t\t\t\t\t\t\t\t<div class=\"badge absolute top post-date badge-outline\">\n\t\t\t\t\t\t\t<div class=\"badge-inner\">\n\t\t\t\t\t\t\t\t<span class=\"post-date-day\">03<\/span><br>\n\t\t\t\t\t\t\t\t<span class=\"post-date-month is-xsmall\">Jun<\/span>\n\t\t\t\t\t\t\t<\/div>\n\t\t\t\t\t\t<\/div>\n\t\t\t\t\t\t\t\t\t<\/div>\n\t\t\t<\/div>\n\t\t<\/div><div class=\"col post-item has-post-icon\" >\n\t\t\t<div class=\"col-inner\">\n\t\t\t\t<div class=\"box box-normal box-text-bottom box-blog-post has-hover\">\n            \t\t\t\t\t<div class=\"box-image\" >\n  \t\t\t\t\t\t<div class=\"image-cover\" style=\"padding-top:56.25%;\">\n\t\t\t\t\t\t\t<a href=\"https:\/\/cocinandoconrita.com\/en\/tantarrea-cubierta-con-chocolate-tierra-blanca-guanajuato\/\" class=\"plain\" aria-label=\"Tant\u00e1rrea cubierta con chocolate (Tierra Blanca, Guanajuato)\">\n\t\t\t\t\t\t\t\t<img loading=\"lazy\" decoding=\"async\" width=\"300\" height=\"169\" src=\"https:\/\/cocinandoconrita.com\/wp-content\/uploads\/2016\/07\/maxresdefault-300x169.jpg\" class=\"attachment-medium size-medium wp-post-image\" alt=\"Tant\u00e1rrea\" srcset=\"https:\/\/cocinandoconrita.com\/wp-content\/uploads\/2016\/07\/maxresdefault-300x169.jpg 300w, https:\/\/cocinandoconrita.com\/wp-content\/uploads\/2016\/07\/maxresdefault-1024x576.jpg 1024w, https:\/\/cocinandoconrita.com\/wp-content\/uploads\/2016\/07\/maxresdefault-768x432.jpg 768w, https:\/\/cocinandoconrita.com\/wp-content\/uploads\/2016\/07\/maxresdefault.jpg 1280w\" sizes=\"auto, (max-width: 300px) 100vw, 300px\" \/>\t\t\t\t\t\t\t<\/a>\n  \t\t\t\t\t\t\t  \t\t\t\t\t\t\t  \t\t\t\t\t\t<\/div>\n  \t\t\t\t\t\t  \t\t\t\t\t\t\t<div class=\"absolute no-click x50 y50 md-x50 md-y50 lg-x50 lg-y50\">\n  \t\t\t\t            \t<div class=\"overlay-icon\">\n  \t\t\t\t                    <i class=\"icon-play\" aria-hidden=\"true\"><\/i>  \t\t\t\t                <\/div>\n  \t\t\t\t            <\/div>\n  \t\t\t\t\t\t  \t\t\t\t\t<\/div>\n          \t\t\t\t\t<div class=\"box-text text-center\" >\n\t\t\t\t\t<div class=\"box-text-inner blog-post-inner\">\n\n\t\t\t\t\t\n\t\t\t\t\t\t\t\t\t\t<h5 class=\"post-title is-large \">\n\t\t\t\t\t\t<a href=\"https:\/\/cocinandoconrita.com\/en\/tantarrea-cubierta-con-chocolate-tierra-blanca-guanajuato\/\" class=\"plain\">Tant\u00e1rrea cubierta con chocolate (Tierra Blanca, Guanajuato)<\/a>\n\t\t\t\t\t<\/h5>\n\t\t\t\t\t\t\t\t\t\t<div class=\"is-divider\"><\/div>\n\t\t\t\t\t\t\t\t\t\t<p class=\"from_the_blog_excerpt \">\n\t\t\t\t\t\tLa tant\u00e1rrea (\u201cbich\u00fa\u201d, en otom\u00ed) es una chinche que vive en el \u00e1rbol del mezquite [...]\t\t\t\t\t<\/p>\n\t\t\t\t\t                    \n\t\t\t\t\t\n\t\t\t\t\t\n\t\t\t\t\t<\/div>\n\t\t\t\t\t<\/div>\n\t\t\t\t\t\t\t\t\t\t\t\t\t\t\t\t<div class=\"badge absolute top post-date badge-outline\">\n\t\t\t\t\t\t\t<div class=\"badge-inner\">\n\t\t\t\t\t\t\t\t<span class=\"post-date-day\">01<\/span><br>\n\t\t\t\t\t\t\t\t<span class=\"post-date-month is-xsmall\">Jul<\/span>\n\t\t\t\t\t\t\t<\/div>\n\t\t\t\t\t\t<\/div>\n\t\t\t\t\t\t\t\t\t<\/div>\n\t\t\t<\/div>\n\t\t<\/div><\/div>\n\n\n\t\t<\/div>\n\t\t\t\t\t<\/div>\n\n\t\n\n\t<div id=\"col-335615400\" class=\"col medium-4 small-12 large-4\"  >\n\t\t\t\t<div class=\"col-inner text-center\"  >\n\t\t\t\n\t\t\t\n\n<a href=\"\/mis-reflexiones\" class=\"button primary is-outline\" style=\"border-radius:99px;\">\n\t\t<span>ver m\u00e1s<\/span>\n\t<\/a>\n\n\n\n\t\t<\/div>\n\t\t\t\t\t<\/div>\n\n\t\n\n<\/div>\n\n\t\t<\/div>\n\n\t\t\n<style>\n#section_540149457 {\n  padding-top: 60px;\n  padding-bottom: 60px;\n}\n#section_540149457 .section-bg img {\n  object-position: 51% 0%;\n}\n@media (min-width:550px) {\n  #section_540149457 {\n    padding-top: 120px;\n    padding-bottom: 120px;\n  }\n}\n<\/style>\n\t<\/section>\n\t\n\n","protected":false},"excerpt":{"rendered":"","protected":false},"author":1,"featured_media":0,"parent":0,"menu_order":0,"comment_status":"closed","ping_status":"closed","template":"page-transparent-header-light.php","meta":{"footnotes":""},"class_list":["post-9","page","type-page","status-publish","hentry"],"aioseo_notices":[],"_links":{"self":[{"href":"https:\/\/cocinandoconrita.com\/en\/wp-json\/wp\/v2\/pages\/9","targetHints":{"allow":["GET"]}}],"collection":[{"href":"https:\/\/cocinandoconrita.com\/en\/wp-json\/wp\/v2\/pages"}],"about":[{"href":"https:\/\/cocinandoconrita.com\/en\/wp-json\/wp\/v2\/types\/page"}],"author":[{"embeddable":true,"href":"https:\/\/cocinandoconrita.com\/en\/wp-json\/wp\/v2\/users\/1"}],"replies":[{"embeddable":true,"href":"https:\/\/cocinandoconrita.com\/en\/wp-json\/wp\/v2\/comments?post=9"}],"version-history":[{"count":90,"href":"https:\/\/cocinandoconrita.com\/en\/wp-json\/wp\/v2\/pages\/9\/revisions"}],"predecessor-version":[{"id":2778,"href":"https:\/\/cocinandoconrita.com\/en\/wp-json\/wp\/v2\/pages\/9\/revisions\/2778"}],"wp:attachment":[{"href":"https:\/\/cocinandoconrita.com\/en\/wp-json\/wp\/v2\/media?parent=9"}],"curies":[{"name":"wp","href":"https:\/\/api.w.org\/{rel}","templated":true}]}}